{"id":1113,"date":"2024-08-14T15:48:26","date_gmt":"2024-08-14T15:48:26","guid":{"rendered":"https:\/\/oteccondell.cl\/inicio\/?page_id=1113"},"modified":"2026-04-08T18:07:57","modified_gmt":"2026-04-08T18:07:57","slug":"omi1-20","status":"publish","type":"page","link":"https:\/\/oteccondell.cl\/inicio\/omi1-20\/","title":{"rendered":"omi1.20"},"content":{"rendered":"\t\t<div data-elementor-type=\"wp-page\" data-elementor-id=\"1113\" class=\"elementor elementor-1113\" data-elementor-post-type=\"page\">\n\t\t\t\t<div class=\"elementor-element elementor-element-74e8bc08 e-flex e-con-boxed e-con e-parent\" data-id=\"74e8bc08\" data-element_type=\"container\">\n\t\t\t\t\t<div class=\"e-con-inner\">\n\t\t\t\t<div class=\"elementor-element elementor-element-fdc0ad2 elementor-widget elementor-widget-image\" data-id=\"fdc0ad2\" data-element_type=\"widget\" data-widget_type=\"image.default\">\n\t\t\t\t<div class=\"elementor-widget-container\">\n\t\t\t\t\t\t\t\t\t\t\t\t\t\t\t<img fetchpriority=\"high\" decoding=\"async\" width=\"800\" height=\"457\" src=\"https:\/\/oteccondell.cl\/inicio\/wp-content\/uploads\/2024\/08\/dcd99054-e4be-4b0f-ac3d-8bd00372b717-1024x585.png\" class=\"attachment-large size-large wp-image-1005\" alt=\"\" srcset=\"https:\/\/oteccondell.cl\/inicio\/wp-content\/uploads\/2024\/08\/dcd99054-e4be-4b0f-ac3d-8bd00372b717-1024x585.png 1024w, https:\/\/oteccondell.cl\/inicio\/wp-content\/uploads\/2024\/08\/dcd99054-e4be-4b0f-ac3d-8bd00372b717-300x171.png 300w, https:\/\/oteccondell.cl\/inicio\/wp-content\/uploads\/2024\/08\/dcd99054-e4be-4b0f-ac3d-8bd00372b717-768x439.png 768w, https:\/\/oteccondell.cl\/inicio\/wp-content\/uploads\/2024\/08\/dcd99054-e4be-4b0f-ac3d-8bd00372b717-1536x878.png 1536w, https:\/\/oteccondell.cl\/inicio\/wp-content\/uploads\/2024\/08\/dcd99054-e4be-4b0f-ac3d-8bd00372b717.png 1792w\" sizes=\"(max-width: 800px) 100vw, 800px\" \/>\t\t\t\t\t\t\t\t\t\t\t\t\t\t\t<\/div>\n\t\t\t\t<\/div>\n\t\t\t\t\t<\/div>\n\t\t\t\t<\/div>\n\t\t<div class=\"elementor-element elementor-element-2ffc3dda e-flex e-con-boxed e-con e-parent\" data-id=\"2ffc3dda\" data-element_type=\"container\">\n\t\t\t\t\t<div class=\"e-con-inner\">\n\t\t\t\t<div class=\"elementor-element elementor-element-6261c2bd elementor-widget elementor-widget-heading\" data-id=\"6261c2bd\" data-element_type=\"widget\" data-widget_type=\"heading.default\">\n\t\t\t\t<div class=\"elementor-widget-container\">\n\t\t\t\t\t<h3 class=\"elementor-heading-title elementor-size-default\"><br>CURSO MODELO OMI 1.20 PREVENCI\u00d3N Y LUCHA CONTRA INCENDIO <\/h3>\t\t\t\t<\/div>\n\t\t\t\t<\/div>\n\t\t\t\t\t<\/div>\n\t\t\t\t<\/div>\n\t\t<div class=\"elementor-element elementor-element-ea66193 e-flex e-con-boxed e-con e-parent\" data-id=\"ea66193\" data-element_type=\"container\">\n\t\t\t\t\t<div class=\"e-con-inner\">\n\t\t\t\t\t<\/div>\n\t\t\t\t<\/div>\n\t\t\t\t<section class=\"elementor-section elementor-top-section elementor-element elementor-element-61d3d8c0 elementor-section-boxed elementor-section-height-default elementor-section-height-default\" data-id=\"61d3d8c0\" data-element_type=\"section\">\n\t\t\t\t\t\t<div class=\"elementor-container elementor-column-gap-default\">\n\t\t\t\t\t<div class=\"elementor-column elementor-col-100 elementor-top-column elementor-element elementor-element-efb4bca\" data-id=\"efb4bca\" data-element_type=\"column\">\n\t\t\t<div class=\"elementor-widget-wrap elementor-element-populated\">\n\t\t\t\t\t\t<div class=\"elementor-element elementor-element-d2d02d8 elementor-widget elementor-widget-text-editor\" data-id=\"d2d02d8\" data-element_type=\"widget\" data-widget_type=\"text-editor.default\">\n\t\t\t\t<div class=\"elementor-widget-container\">\n\t\t\t\t\t\t\t\t\t<p><strong><u>&nbsp;<\/u><\/strong><\/p>\n<p><strong><u>FUNDAMENTACI\u00d3N T\u00c9CNICA: <\/u><\/strong><\/p>\n<p>El C\u00f3digo de Formaci\u00f3n, Titulaci\u00f3n y Guardia para la Gente de Mar en su Cap\u00edtulo VI, Secci\u00f3n A-VI\/1-2 establece la obligatoriedad de este curso para todas las personas empleadas o contratadas a bordo de un buque de navegaci\u00f3n mar\u00edtima, para que sepan actuar en caso de que se detecte fuego o humo, o bien, suene la alarma de incendios.<\/p>\n<p>Todos los participantes de este curso, deber\u00e1n acreditar salud compatible, mediante un certificado m\u00e9dico.<\/p><p><br><\/p>\n<p><\/p>\n<p><strong><u>POBLACI\u00d3N OBJETIVO: <\/u><\/strong><\/p>\n<p>Oficiales y Tripulantes<\/p><p><br><\/p>\n<p><\/p>\n<p><strong><u>REQUISITOS DE INGRESO: <\/u><\/strong><\/p>\n<p>Acreditar salud compatible, mediante un certificado m\u00e9dico.<\/p><p><br><\/p>\n<p><\/p>\n<p><strong><u>OBJETIVOS GENERALES: <\/u><\/strong><\/p>\n<p>&#8211; Al t\u00e9rmino del curso el alumno ser\u00e1 capaz de reducir al m\u00ednimo los riesgos de incendio y responder en todo momento a situaciones de emergencia en las que se detecte un peligro de ignici\u00f3n.<\/p>\n<p>&#8211; Identificar las diferentes causas de incendio, de acuerdo al origen (combustible) y utilizar los medios adecuados para controlarlo y extinguirlo.<\/p>\n<p>&#8211; Organizar las partidas de incendio a bordo y aplicar los procedimientos adecuados para el control y extinci\u00f3n.<\/p>\t\t\t\t\t\t\t\t<\/div>\n\t\t\t\t<\/div>\n\t\t\t\t\t<\/div>\n\t\t<\/div>\n\t\t\t\t\t<\/div>\n\t\t<\/section>\n\t\t<div class=\"elementor-element elementor-element-72ba5683 e-flex e-con-boxed e-con e-parent\" data-id=\"72ba5683\" data-element_type=\"container\">\n\t\t\t\t\t<div class=\"e-con-inner\">\n\t\t\t\t<div class=\"elementor-element elementor-element-4afa962b elementor-widget elementor-widget-heading\" data-id=\"4afa962b\" data-element_type=\"widget\" data-widget_type=\"heading.default\">\n\t\t\t\t<div class=\"elementor-widget-container\">\n\t\t\t\t\t<h3 class=\"elementor-heading-title elementor-size-default\"><br>\u00a1INSCRIBETE AQUI!<\/h3>\t\t\t\t<\/div>\n\t\t\t\t<\/div>\n\t\t\t\t<div class=\"elementor-element elementor-element-730589ce elementor-widget elementor-widget-shortcode\" data-id=\"730589ce\" data-element_type=\"widget\" data-widget_type=\"shortcode.default\">\n\t\t\t\t<div class=\"elementor-widget-container\">\n\t\t\t\t\t\t\t<div class=\"elementor-shortcode\"><iframe\n  src=\"https:\/\/plataformaeducacional.cl\/consultas\/consultas_form.php?inst=6&embed=1\"\n  width=\"360\"\n  height=\"598\"\n  style=\"border:0;overflow:hidden\"\n  title=\"Consulta\"\n><\/iframe><\/div>\n\t\t\t\t\t\t<\/div>\n\t\t\t\t<\/div>\n\t\t\t\t\t<\/div>\n\t\t\t\t<\/div>\n\t\t<div class=\"elementor-element elementor-element-5adec506 e-flex e-con-boxed e-con e-parent\" data-id=\"5adec506\" data-element_type=\"container\">\n\t\t\t\t\t<div class=\"e-con-inner\">\n\t\t\t\t\t<\/div>\n\t\t\t\t<\/div>\n\t\t\t\t<div class=\"elementor-section elementor-top-section elementor-element elementor-element-1d4f996b elementor-section-content-space-evenly elementor-section-boxed elementor-section-height-default elementor-section-height-default elementor-invisible\" data-id=\"1d4f996b\" data-element_type=\"section\" data-settings=\"{&quot;background_background&quot;:&quot;classic&quot;,&quot;animation&quot;:&quot;fadeInUp&quot;}\">\n\t\t\t\t\t\t\t<div class=\"elementor-background-overlay\"><\/div>\n\t\t\t\t\t\t\t<div class=\"elementor-container elementor-column-gap-default\">\n\t\t\t\t\t<div class=\"elementor-column elementor-col-100 elementor-top-column elementor-element elementor-element-60c302de\" data-id=\"60c302de\" data-element_type=\"column\">\n\t\t\t<div class=\"elementor-widget-wrap elementor-element-populated\">\n\t\t\t\t\t\t<div class=\"elementor-element elementor-element-15a29b45 elementor-widget elementor-widget-text-editor\" data-id=\"15a29b45\" data-element_type=\"widget\" data-widget_type=\"text-editor.default\">\n\t\t\t\t<div class=\"elementor-widget-container\">\n\t\t\t\t\t\t\t\t\t<p style=\"text-align: center;\"><span style=\"color: #ffffff;\">\u00a9 Todos los derechos reservados 2024<\/span><\/p>\t\t\t\t\t\t\t\t<\/div>\n\t\t\t\t<\/div>\n\t\t\t\t\t<\/div>\n\t\t<\/div>\n\t\t\t\t\t<\/div>\n\t\t<\/div>\n\t\t\t\t<\/div>\n\t\t","protected":false},"excerpt":{"rendered":"<p>CURSO MODELO OMI 1.20 PREVENCI\u00d3N Y LUCHA CONTRA INCENDIO &nbsp; FUNDAMENTACI\u00d3N T\u00c9CNICA: El C\u00f3digo de Formaci\u00f3n, Titulaci\u00f3n y Guardia para la Gente de Mar en su Cap\u00edtulo VI, Secci\u00f3n A-VI\/1-2 establece la obligatoriedad de este curso para todas las personas empleadas o contratadas a bordo de un buque de navegaci\u00f3n mar\u00edtima, para que sepan actuar [&hellip;]<\/p>\n","protected":false},"author":1,"featured_media":0,"parent":0,"menu_order":0,"comment_status":"closed","ping_status":"closed","template":"","meta":{"footnotes":""},"class_list":["post-1113","page","type-page","status-publish","hentry"],"_links":{"self":[{"href":"https:\/\/oteccondell.cl\/inicio\/wp-json\/wp\/v2\/pages\/1113","targetHints":{"allow":["GET"]}}],"collection":[{"href":"https:\/\/oteccondell.cl\/inicio\/wp-json\/wp\/v2\/pages"}],"about":[{"href":"https:\/\/oteccondell.cl\/inicio\/wp-json\/wp\/v2\/types\/page"}],"author":[{"embeddable":true,"href":"https:\/\/oteccondell.cl\/inicio\/wp-json\/wp\/v2\/users\/1"}],"replies":[{"embeddable":true,"href":"https:\/\/oteccondell.cl\/inicio\/wp-json\/wp\/v2\/comments?post=1113"}],"version-history":[{"count":10,"href":"https:\/\/oteccondell.cl\/inicio\/wp-json\/wp\/v2\/pages\/1113\/revisions"}],"predecessor-version":[{"id":1217,"href":"https:\/\/oteccondell.cl\/inicio\/wp-json\/wp\/v2\/pages\/1113\/revisions\/1217"}],"wp:attachment":[{"href":"https:\/\/oteccondell.cl\/inicio\/wp-json\/wp\/v2\/media?parent=1113"}],"curies":[{"name":"wp","href":"https:\/\/api.w.org\/{rel}","templated":true}]}}